{"id":22771,"date":"2016-12-12T22:27:09","date_gmt":"2016-12-12T22:27:09","guid":{"rendered":"http:\/\/www.scmlondon.org\/?page_id=22771"},"modified":"2019-12-23T22:35:19","modified_gmt":"2019-12-23T22:35:19","slug":"krsty","status":"publish","type":"page","link":"https:\/\/www.scmlondon.org\/?page_id=22771","title":{"rendered":"KRSTY 2017"},"content":{"rendered":"<h2 style=\"text-align: center;\"><strong><span style=\"text-decoration: underline;\"><span style=\"color: #ff0000; text-decoration: underline;\">PR\u00cdPRAVA KU SVIATOSTI KRSTU<\/span><a href=\"http:\/\/www.scmlondon.org\/wp-content\/uploads\/2011\/01\/images1.jpg\" data-rel=\"lightbox-image-0\" data-rl_title=\"\" data-rl_caption=\"\"><img loading=\"lazy\" decoding=\"async\" class=\"alignright size-full wp-image-11305\" title=\"\" src=\"http:\/\/www.scmlondon.org\/wp-content\/uploads\/2011\/01\/images1.jpg\" alt=\"\" width=\"189\" height=\"256\" \/><\/a><\/span><\/strong><\/h2>\n<p align=\"center\">pre rodi\u010dov malolet\u00fdch det\u00ed<\/p>\n<h3 align=\"center\"><strong><span style=\"color: #ff0000;\"><span style=\"text-decoration: underline;\">TERM\u00cdNY PR\u00cdPRAVY NA ROK 2017<\/span><span style=\"text-decoration: underline;\"><br \/>\n<\/span><\/span><\/strong><\/h3>\n<p>&nbsp;<\/p>\n<h3>V Slovenskej katol\u00edckej misii v Lond\u00fdne sa uskuto\u010dnia pr\u00edpravy a vysluhovanie sviatosti krstu v t\u00fdchto term\u00ednoch:<\/h3>\n<p><strong><strong><strong><span style=\"color: #ff0000;\">Pr\u00edprava: <strong><strong><strong><strong><strong><strong><strong><strong><strong><strong><strong>17. febru\u00e1ra 2017<\/strong> <strong>(piatok) o 16.30 \u2013 18.00 hod.<\/strong><\/strong><\/strong><\/strong><\/strong><\/strong><\/strong><\/strong><\/strong><\/strong><\/strong><\/span><br \/>\n<span style=\"color: #0000ff;\">Krsty: <strong>19<strong><strong><strong><strong><strong><strong><strong><strong><strong><strong><strong><strong><strong><strong><strong><strong><strong><strong><strong><strong>. febru\u00e1ra 2017<\/strong> <\/strong><\/strong><\/strong><\/strong><\/strong><\/strong><\/strong><\/strong><\/strong><\/strong><\/strong><\/strong><\/strong><\/strong><\/strong><\/strong><\/strong><\/strong><\/strong>(nede\u013ea) o 13.00 \u2013 14.00 hod. (po\u010das sv. om\u0161e)<\/strong><\/span><\/strong><\/strong><\/strong><\/p>\n<p><strong><span style=\"text-decoration: underline;\">Posledn\u00fd term\u00edn pre:<\/span><br \/>\n&#8211; prihl\u00e1senie sa k tomuto term\u00ednu a z\u00e1rove\u0148 absolvovanie osobn\u00e9ho pohovoru je do 22. janu\u00e1ra 2017<span style=\"text-decoration: underline;\"><br \/>\n<\/span>&#8211; poskytnutie v\u0161etk\u00fdch \u00fadajov je do 29. janu\u00e1ra 2017<\/strong><\/p>\n<p><strong> <em><span style=\"text-decoration: underline;\">Po t\u00fdchto term\u00ednoch sa nebude prihliada\u0165 na \u017eiadne \u017eiadosti!<\/span><\/em><\/strong><\/p>\n<p>&#8212;&#8212;&#8212;&#8212;&#8212;&#8212;&#8212;&#8212;&#8212;&#8212;&#8212;&#8212;&#8212;&#8212;&#8212;&#8212;&#8212;&#8212;&#8212;&#8212;&#8212;&#8212;&#8212;&#8212;&#8212;&#8212;&#8212;&#8212;&#8212;&#8212;&#8212;&#8212;&#8212;&#8212;&#8212;&#8212;&#8212;-<\/p>\n<p><strong><span style=\"color: #ff0000;\">Pr\u00edprava: 19<strong><strong><strong><strong><strong><strong><strong><strong><strong>. m\u00e1ja <strong>2017 <strong>(piatok) o 16.30 \u2013 18.00 hod.<\/strong><\/strong><\/strong><\/strong><\/strong><\/strong><\/strong><\/strong><\/strong><\/strong><\/strong><\/span><br \/>\n<span style=\"color: #0000ff;\">Krsty: <strong><strong><strong><strong><strong><strong><strong><strong><strong><strong><strong><strong><strong><strong><strong><strong><strong><strong><strong>21. m\u00e1ja <strong>2017 <\/strong><\/strong><\/strong><\/strong><\/strong><\/strong><\/strong><\/strong><\/strong><\/strong><\/strong><\/strong><\/strong><\/strong><\/strong><\/strong><\/strong><\/strong><\/strong>(nede\u013ea) o 13.00 \u2013 14.00 hod. (po\u010das sv. om\u0161e)<\/strong><\/span><\/strong><\/p>\n<p><strong><span style=\"text-decoration: underline;\">Posledn\u00fd term\u00edn pre:<\/span><span style=\"text-decoration: underline;\"><br \/>\n<\/span>&#8211; prihl\u00e1senie sa k tomuto term\u00ednu a z\u00e1rove\u0148 absolvovanie osobn\u00e9ho pohovoru je do 30. apr\u00edla 2017<span style=\"text-decoration: underline;\"><br \/>\n<\/span> <strong>&#8211;\u00a0 poskytnutie v\u0161etk\u00fdch \u00fadajov je <\/strong>do 7. m\u00e1ja 2017<\/strong><\/p>\n<p><strong> <em><span style=\"text-decoration: underline;\">Po t\u00fdchto term\u00ednoch sa nebude prihliada\u0165 na \u017eiadne \u017eiadosti!<\/span><\/em><\/strong><\/p>\n<p>&#8212;&#8212;&#8212;&#8212;&#8212;&#8212;&#8212;&#8212;&#8212;&#8212;&#8212;&#8212;&#8212;&#8212;&#8212;&#8212;&#8212;&#8212;&#8212;&#8212;&#8212;&#8212;&#8212;&#8212;&#8212;&#8212;&#8212;&#8212;&#8212;&#8212;&#8212;&#8212;&#8212;&#8212;&#8212;&#8212;&#8212;-<\/p>\n<p><strong><span style=\"color: #ff0000;\">Pr\u00edprava: 29. septembra\u00a02017 (piatok) o 16.00 \u2013 18.00 hod.<\/span><br \/>\n<span style=\"color: #0000ff;\">Krsty: 1. okt\u00f3bra\u00a02017 (nede\u013ea) o 13.00 \u2013 14.00 hod. (po\u010das sv. om\u0161e)<\/span><\/strong><\/p>\n<p><strong><span style=\"text-decoration: underline;\">Posledn\u00fd term\u00edn pre:<\/span><br \/>\n&#8211; <strong>prihl\u00e1senie sa k tomuto term\u00ednu<\/strong> je 2. septembra 2017<br \/>\n<strong><strong>&#8211; absolvovanie osobn\u00e9ho pohovoru a poskytnutie v\u0161etk\u00fdch \u00fadajov je<\/strong><\/strong> do 21. septembra 2017<\/strong><\/p>\n<p><strong> <span style=\"text-decoration: underline;\"><em>Po t\u00fdchto term\u00ednoch sa nebude prihliada\u0165 na \u017eiadne \u017eiadosti!<\/em><\/span><\/strong><\/p>\n<p>&#8212;&#8212;&#8212;&#8212;&#8212;&#8212;&#8212;&#8212;&#8212;&#8212;&#8212;&#8212;&#8212;&#8212;&#8212;&#8212;&#8212;&#8212;&#8212;&#8212;&#8212;&#8212;&#8212;&#8212;&#8212;&#8212;&#8212;&#8212;&#8212;&#8212;&#8212;&#8212;&#8212;&#8212;&#8212;&#8212;&#8212;-<\/p>\n<p><strong><span style=\"color: #ff0000;\">Pr\u00edprava: 10. novembra 2017 (piatok) o 16.00 \u2013 18.00 hod.<\/span><br \/>\n<span style=\"color: #0000ff;\">Krsty: 12. novembra 2017 (nede\u013ea) o 13.00 \u2013 14.00 hod. (po\u010das sv. om\u0161e)<\/span><\/strong><\/p>\n<p><strong><span style=\"text-decoration: underline;\">Posledn\u00fd term\u00edn pre:<\/span><br \/>\n&#8211; <strong>prihl\u00e1senie sa k tomuto term\u00ednu<\/strong> je 11. okt\u00f3bra 2017<br \/>\n<strong><strong>&#8211; absolvovanie osobn\u00e9ho pohovoru a poskytnutie v\u0161etk\u00fdch \u00fadajov je<\/strong><\/strong> do 31. okt\u00f3bra 2017<br \/>\n<\/strong><\/p>\n<p><strong> <span style=\"text-decoration: underline;\"><em>Po t\u00fdchto term\u00ednoch sa nebude prihliada\u0165 na \u017eiadne \u017eiadosti!<\/em><\/span><\/strong><\/p>\n<p>&#8212;&#8212;&#8212;&#8212;&#8212;&#8212;&#8212;&#8212;&#8212;&#8212;&#8212;&#8212;&#8212;&#8212;&#8212;&#8212;&#8212;&#8212;&#8212;&#8212;&#8212;&#8212;&#8212;&#8212;&#8212;&#8212;&#8212;&#8212;&#8212;&#8212;&#8212;&#8212;&#8212;&#8212;&#8212;&#8212;&#8212;-<\/p>\n<h4><span style=\"color: #ff0000;\">&#8211; <span style=\"text-decoration: underline;\">nie je mo\u017en\u00e9 \u017eiada\u0165 o in\u00fd term\u00edn pr\u00edpravy a ani krstu, ako je uveden\u00e9 v rozpise<br \/>\n<\/span><\/span><\/h4>\n<p>Rodi\u010dom, ktor\u00ed chc\u00fa da\u0165 pokrsti\u0165 svoje die\u0165a, je potrebn\u00e9 riadi\u0165 sa nasledovn\u00fdmi pokynmi:<\/p>\n<p style=\"text-align: justify;\">&#8211; vysluhovanie sviatost\u00ed sa poskytuje <a title=\"IBA REGISTROVAN\u00ddM \u010cLENOM SCM\" href=\"http:\/\/www.scmlondon.org\/?p=18856\" target=\"_blank\"><strong>IBA REGISTROVAN\u00ddM \u010cLENOM SCM<\/strong><\/a><\/p>\n<p style=\"text-align: justify;\">&#8211; Pr\u00edprava ku sviatosti krstu sa kon\u00e1 v sobotu a vysluhovanie sviatosti krstu sa kon\u00e1 hne\u010f v nasleduj\u00facu nede\u013eu. Je taktie\u017e mo\u017en\u00e9 z\u00fa\u010dastni\u0165 sa pr\u00edpravy k sviatosti krstu v jednom term\u00edne a v inom, neskor\u0161om uvedenom term\u00edne, je mo\u017en\u00e9 pokrsti\u0165 die\u0165a.<\/p>\n<p style=\"text-align: justify;\">&#8211; vy\u017eaduje sa, aby rodi\u010dia <strong><span style=\"text-decoration: underline;\">osobne po\u017eiadali o udelenie sviatosti krstu a prihl\u00e1sili sa prostredn\u00edctvom mailu (secretary@scmlondon.org) k osobn\u00e9mu pohovoru s k\u0148azom misie<\/span>. <\/strong>K\u0148aza mo\u017eno nav\u0161t\u00edvi\u0165 po dohode emailom v <a title=\"str\u00e1nkov\u00e9 hodiny\" href=\"http:\/\/www.scmlondon.org\/?page_id=6\" target=\"_blank\">str\u00e1nkov\u00e9 hodiny<\/a>.<\/p>\n<p style=\"text-align: justify;\">&#8211; ak \u017eiadatelia sp\u013a\u0148aj\u00fa podmienky dan\u00e9 K\u00f3dexom cirkevn\u00e9ho pr\u00e1va pre udelenie sviatosti die\u0165a\u0165u, bud\u00fa prijat\u00ed a pozvan\u00ed na pr\u00edpravu k sviatosti<\/p>\n<p style=\"text-align: justify;\">&#8211; pri osobnom pohovore bud\u00fa od v\u00e1s po\u017eadovan\u00e9 \u00fadaje potrebn\u00e9 k prihl\u00e1seniu sa na pr\u00edpravu ku sviatosti krstu. Ak <strong>s\u00fa v\u010das a \u00faplne poskytnut\u00e9 \u00fadaje<\/strong>, <strong>najnesk\u00f4r v\u0161ak ako je uveden\u00e9 v rozpise<\/strong> pred pl\u00e1novan\u00fdm term\u00ednom pr\u00edpravy a nebr\u00e1ni tomu \u017eiadna in\u00e1 prek\u00e1\u017eka, potom v\u00e1m bude potvrden\u00e9, \u017ee va\u0161a \u017eiados\u0165 o zaradenie do kurzu pr\u00edpravy je akceptovan\u00e1.<\/p>\n<p style=\"text-align: justify;\">&#8211; sviatos\u0165 krstu je mo\u017en\u00e9 udeli\u0165 iba die\u0165a\u0165u rodi\u010dov, z ktor\u00fdch jeden m\u00e1 \u0161t\u00e1tnu pr\u00edslu\u0161nos\u0165 slovensk\u00fa alebo \u010desk\u00fa, je r\u00edmskokatol\u00edckeho alebo gr\u00e9ckokatol\u00edckeho vierovyznania, \u017eije na \u00fazem\u00ed Ve\u013ekej Brit\u00e1nie minim\u00e1lne po dobu 6 mesiacov a je registrovan\u00fdm \u010dlenom SCM<\/p>\n<p style=\"text-align: justify;\">&#8211; vy\u017eaduje sa, aby sa pr\u00edpravy z\u00fa\u010dastnili obaja rodi\u010dia ako aj krstn\u00ed rodi\u010dia (m\u00f4\u017ee by\u0165 aj jeden krstn\u00fd rodi\u010d); Ak krstn\u00ed rodi\u010dia pr\u00eddu zo Slovenska alebo \u010ceska, alebo inej krajiny, m\u00f4\u017eu sa pr\u00edpravy z\u00fa\u010dastni\u0165 vo svojich farnostiach a prinies\u0165 p\u00edsomn\u00e9 potvrdenie<\/p>\n<p style=\"text-align: justify;\">&#8211; podmienkou K\u00f3dexu cirkevn\u00e9ho pr\u00e1va je, aby <strong><span style=\"text-decoration: underline;\">krstn\u00ed rodi\u010dia prijali v\u0161etky sviatost<\/span><\/strong>i (krst, 1. sv. prij\u00edmanie, birmovka, ak je \u017eenat\u00fd alebo vydat\u00e1 &#8211; i sviatos\u0165 man\u017eelstva) a <strong><span style=\"text-decoration: underline;\">boli veriaci praktizuj\u00faci katol\u00edcku vieru<\/span><\/strong><\/p>\n<p style=\"text-align: justify;\">&#8211; z dokladov je potrebn\u00e9 prinies\u0165 ku sviatosti krstu rodn\u00fd list die\u0165a\u0165a &#8211; sta\u010d\u00ed fotok\u00f3pia (preklad netreba)<\/p>\n<p style=\"text-align: justify;\">&#8211; je v\u017edy lep\u0161ie informova\u0165 sa dostato\u010dne vopred, pr\u00edpadne osobne, \u010do je potrebn\u00e9 k prihl\u00e1seniu sa na pr\u00edpravu ku sviatosti krstu a vysluhovaniu sviatosti krstu. Ve\u013emi d\u00f4le\u017eit\u00e9 je to najm\u00e4 v pr\u00edpadoch, kde ide o ne\u0161tandardn\u00e9 situ\u00e1cie alebo zlo\u017eenie (ne)man\u017eelsk\u00fdch p\u00e1rov.<\/p>\n<p style=\"text-align: justify;\">&#8211; sviatos\u0165 krstu sa vysluhuje po\u010das sv\u00e4tej om\u0161e v nede\u013eu po pr\u00edprave ku sviatosti krstu v kostole SCM<\/p>\n<p style=\"text-align: justify;\">&#8212;&#8212;&#8212;&#8212;&#8212;&#8212;&#8212;&#8212;&#8212;&#8212;&#8212;&#8212;&#8212;&#8212;&#8212;&#8212;&#8212;&#8212;&#8212;&#8212;&#8212;&#8212;&#8212;&#8212;&#8212;&#8212;&#8212;&#8212;&#8212;&#8212;&#8212;&#8212;&#8212;&#8212;&#8212;&#8212;&#8212;&#8212;&#8212;&#8212;&#8212;&#8212;&#8212;-<\/p>\n<p style=\"text-align: justify;\"><strong>Poplatky za kurz<\/strong><\/p>\n<p style=\"text-align: justify;\">Projekt kurzov pr\u00edpravy ku sviatosti krstu je realizovan\u00fd v\u00fdhradne z pr\u00edspevkov \u00fa\u010dastn\u00edkov. Poplatok za kurz je stanoven\u00fd diec\u00e9zou Westminster pod\u013ea predbe\u017en\u00fdch n\u00e1kladov.<\/p>\n<p style=\"text-align: justify;\"><strong>Celkov\u00e1 cena kurzu<\/strong> zah\u0155\u0148a materi\u00e1ly pre \u00fa\u010dastn\u00edkov, zabezpe\u010denie lektorov (cestovn\u00e9, v pr\u00edpade potreby ubytovanie a strava), technick\u00e9 zabezpe\u010denie, pren\u00e1jom priestorov.<br \/>\nCena je stanoven\u00e1 ku ka\u017ed\u00e9mu kurzu zvl\u00e1\u0161\u0165 a uhrad\u00ed sa pri z\u00e1pise na pr\u00edpravu ku sviatosti.<\/p>\n<p>&#8212;&#8212;&#8212;&#8212;&#8212;&#8212;&#8212;&#8212;&#8212;&#8212;&#8212;&#8212;&#8212;&#8212;&#8212;&#8212;&#8212;&#8212;&#8212;&#8212;&#8212;&#8212;&#8212;&#8212;&#8212;&#8212;&#8212;&#8212;&#8212;&#8212;&#8212;&#8212;&#8212;&#8212;&#8212;&#8212;&#8212;&#8212;&#8212;&#8212;&#8212;&#8212;&#8212;-<\/p>\n<h3 style=\"text-align: justify;\"><strong>&#8211; <\/strong>pr\u00edprava je poskytovan\u00e1 iba v slovenskom jazyku pre rodi\u010dov a krstn\u00fdch rodi\u010dov<\/h3>\n<p style=\"text-align: justify;\"><strong>&#8211; je vrelo odpor\u00fa\u010dan\u00e9 a vhodn\u00e9 z\u00fa\u010dastni\u0165 sa pr\u00edpravy e\u0161te pred naroden\u00edm die\u0165a\u0165a po\u010das tehotenstva matky<\/strong><\/p>\n<p>&#8211; ku sviatosti krstu je potrebn\u00e9 zadov\u00e1\u017ei\u0165 si svie\u010dku a bielu ko\u0161ie\u013eku (m\u00f4\u017ee by\u0165 na nej vy\u0161it\u00e9 meno a priezvisko krstenca a d\u00e1tumy narodenia a krstu)<\/p>\n<p>&#8211; <span style=\"text-decoration: underline;\">pr\u00eds\u0165 na\u010das na pr\u00edpravu a sl\u00e1venie liturgie krstu<\/span><\/p>\n","protected":false},"excerpt":{"rendered":"<p>PR\u00cdPRAVA KU SVIATOSTI KRSTU pre rodi\u010dov malolet\u00fdch det\u00ed TERM\u00cdNY PR\u00cdPRAVY NA ROK 2017 &nbsp; V Slovenskej katol\u00edckej misii v Lond\u00fdne sa uskuto\u010dnia pr\u00edpravy a vysluhovanie sviatosti krstu v t\u00fdchto term\u00ednoch:&#8230; <a class=\"meta-more\" href=\"https:\/\/www.scmlondon.org\/?page_id=22771\">Pokra\u010dova\u0165 v \u010d\u00edtan\u00ed <span class=\"meta-nav\">&raquo;<\/span><\/a><\/p>\n","protected":false},"author":826,"featured_media":0,"parent":29019,"menu_order":3,"comment_status":"closed","ping_status":"closed","template":"","meta":{"footnotes":""},"class_list":["post-22771","page","type-page","status-publish","hentry"],"_links":{"self":[{"href":"https:\/\/www.scmlondon.org\/index.php?rest_route=\/wp\/v2\/pages\/22771","targetHints":{"allow":["GET"]}}],"collection":[{"href":"https:\/\/www.scmlondon.org\/index.php?rest_route=\/wp\/v2\/pages"}],"about":[{"href":"https:\/\/www.scmlondon.org\/index.php?rest_route=\/wp\/v2\/types\/page"}],"author":[{"embeddable":true,"href":"https:\/\/www.scmlondon.org\/index.php?rest_route=\/wp\/v2\/users\/826"}],"replies":[{"embeddable":true,"href":"https:\/\/www.scmlondon.org\/index.php?rest_route=%2Fwp%2Fv2%2Fcomments&post=22771"}],"version-history":[{"count":7,"href":"https:\/\/www.scmlondon.org\/index.php?rest_route=\/wp\/v2\/pages\/22771\/revisions"}],"predecessor-version":[{"id":24122,"href":"https:\/\/www.scmlondon.org\/index.php?rest_route=\/wp\/v2\/pages\/22771\/revisions\/24122"}],"up":[{"embeddable":true,"href":"https:\/\/www.scmlondon.org\/index.php?rest_route=\/wp\/v2\/pages\/29019"}],"wp:attachment":[{"href":"https:\/\/www.scmlondon.org\/index.php?rest_route=%2Fwp%2Fv2%2Fmedia&parent=22771"}],"curies":[{"name":"wp","href":"https:\/\/api.w.org\/{rel}","templated":true}]}}